{"id":4813,"date":"2025-10-31T08:49:13","date_gmt":"2025-10-31T07:49:13","guid":{"rendered":"https:\/\/hotelsvendborg.dk\/?page_id=4813"},"modified":"2025-10-31T08:52:46","modified_gmt":"2025-10-31T07:52:46","slug":"nominiert-fur-das-konferenzzentrum-des-jahres-2019","status":"publish","type":"page","link":"https:\/\/hotelsvendborg.dk\/de\/nomineret-til-aarets-konferencecenter-2019\/","title":{"rendered":"Nominiert f\u00fcr das Konferenzzentrum des Jahres 2019"},"content":{"rendered":"<div data-elementor-type=\"wp-page\" data-elementor-id=\"4813\" class=\"elementor elementor-4813\" data-elementor-post-type=\"page\">\n\t\t\t\t<div class=\"elementor-element elementor-element-0da4ad2 e-con-full e-flex e-con e-parent\" data-id=\"0da4ad2\" data-element_type=\"container\" data-e-type=\"container\" data-settings=\"{&quot;background_background&quot;:&quot;classic&quot;}\">\n\t\t\t\t<div class=\"elementor-element elementor-element-0fb5681 elementor-widget__width-initial elementor-widget elementor-widget-text-editor\" data-id=\"0fb5681\" data-element_type=\"widget\" data-e-type=\"widget\" data-widget_type=\"text-editor.default\">\n\t\t\t\t<div class=\"elementor-widget-container\">\n\t\t\t\t\t\t\t\t\tFebruar 2019 | Pressemitteilung\t\t\t\t\t\t\t\t<\/div>\n\t\t\t\t<\/div>\n\t\t\t\t<div class=\"elementor-element elementor-element-0c5e09a elementor-widget elementor-widget-heading\" data-id=\"0c5e09a\" data-element_type=\"widget\" data-e-type=\"widget\" data-widget_type=\"heading.default\">\n\t\t\t\t<div class=\"elementor-widget-container\">\n\t\t\t\t\t<h1 class=\"elementor-heading-title elementor-size-default\">Nominiert f\u00fcr das Konferenzzentrum des Jahres 2019\n<\/h1>\t\t\t\t<\/div>\n\t\t\t\t<\/div>\n\t\t\t\t<\/div>\n\t\t<div class=\"elementor-element elementor-element-e486b51 e-flex e-con-boxed e-con e-parent\" data-id=\"e486b51\" data-element_type=\"container\" data-e-type=\"container\">\n\t\t\t\t\t<div class=\"e-con-inner\">\n\t\t<div class=\"elementor-element elementor-element-216c953 e-con-full e-flex e-con e-child\" data-id=\"216c953\" data-element_type=\"container\" data-e-type=\"container\" data-settings=\"{&quot;background_background&quot;:&quot;classic&quot;}\">\n\t\t<div class=\"elementor-element elementor-element-e22a584 e-con-full e-flex e-con e-child\" data-id=\"e22a584\" data-element_type=\"container\" data-e-type=\"container\" data-settings=\"{&quot;background_background&quot;:&quot;classic&quot;}\">\n\t\t\t\t<\/div>\n\t\t<div class=\"elementor-element elementor-element-6119b34 e-con-full e-flex e-con e-child\" data-id=\"6119b34\" data-element_type=\"container\" data-e-type=\"container\">\n\t\t\t\t<div class=\"elementor-element elementor-element-3ca93b7 elementor-widget elementor-widget-heading\" data-id=\"3ca93b7\" data-element_type=\"widget\" data-e-type=\"widget\" data-widget_type=\"heading.default\">\n\t\t\t\t<div class=\"elementor-widget-container\">\n\t\t\t\t\t<p class=\"elementor-heading-title elementor-size-default\">Konferenzzentrum des Jahres 2019<\/p>\t\t\t\t<\/div>\n\t\t\t\t<\/div>\n\t\t\t\t<div class=\"elementor-element elementor-element-2f54f4e elementor-widget elementor-widget-heading\" data-id=\"2f54f4e\" data-element_type=\"widget\" data-e-type=\"widget\" data-widget_type=\"heading.default\">\n\t\t\t\t<div class=\"elementor-widget-container\">\n\t\t\t\t\t<h2 class=\"elementor-heading-title elementor-size-default\">Besonders harter Wettbewerb um die prestigetr\u00e4chtige Auszeichnung\n<\/h2>\t\t\t\t<\/div>\n\t\t\t\t<\/div>\n\t\t\t\t<div class=\"elementor-element elementor-element-6d6440f elementor-widget elementor-widget-text-editor\" data-id=\"6d6440f\" data-element_type=\"widget\" data-e-type=\"widget\" data-widget_type=\"text-editor.default\">\n\t\t\t\t<div class=\"elementor-widget-container\">\n\t\t\t\t\t\t\t\t\t<p>Normalerweise gibt es f\u00fcnf Nominierte f\u00fcr den begehrten Titel \u201eKonferenzzentrum des Jahres\u201c. Dieses Jahr sind es jedoch sechs. Das ist bezeichnend f\u00fcr eine Zeit, in der die Auszeichnung hei\u00df begehrt ist und der Kampf um die Gunst der Kunden besonders intensiv.<\/p><p>Dies liegt jedoch nicht an der steigenden Anzahl von Partnern im Verband, sondern schlichtweg daran, dass zwei der Hotels exakt denselben NPS-Wert erzielt haben. NPS steht f\u00fcr Net Promoter Score und ist ein international anerkannter Ma\u00dfstab f\u00fcr Kundenzufriedenheit und -loyalit\u00e4t. Er bildet zudem die Grundlage f\u00fcr die Nominierung zum Konferenzzentrum des Jahres.<\/p><p>Die Nominierten im Jahr 2019 sind:<\/p><ul><li>Bautah\u00f8j Kurszentrum und Hotel<\/li><li>Hotel Svendborg<\/li><li>Hotel Vejlefjord<\/li><li>Pharmakon Konferenzzentrum<\/li><li>Rungstedgaard<\/li><li>Severin<\/li><\/ul><p>\u00a0<\/p><p>Grundlage f\u00fcr die Auszeichnung sind die Tausenden von Bewertungen, die Konferenzteilnehmer jedes Jahr in den einzelnen Hotels, Konferenzzentren und anderen Veranstaltungsorten der Partnergruppe ausf\u00fcllen. Doch die Bewertungen sind nicht nur wichtig, um zu ermitteln, welcher Konferenzort als bester des Jahres ausgezeichnet werden soll, erkl\u00e4rt Marlene H. Sylvester-Hvid, CEO von Danish Conference Centres:<\/p>\t\t\t\t\t\t\t\t<\/div>\n\t\t\t\t<\/div>\n\t\t\t\t<\/div>\n\t\t\t\t<\/div>\n\t\t\t\t\t<\/div>\n\t\t\t\t<\/div>\n\t\t<div class=\"elementor-element elementor-element-4dbf55ae e-flex e-con-boxed e-con e-parent\" data-id=\"4dbf55ae\" data-element_type=\"container\" data-e-type=\"container\">\n\t\t\t\t\t<div class=\"e-con-inner\">\n\t\t<div class=\"elementor-element elementor-element-334ac059 e-con-full e-flex e-con e-child\" data-id=\"334ac059\" data-element_type=\"container\" data-e-type=\"container\" data-settings=\"{&quot;background_background&quot;:&quot;classic&quot;}\">\n\t\t<div class=\"elementor-element elementor-element-49c51107 e-con-full e-flex e-con e-child\" data-id=\"49c51107\" data-element_type=\"container\" data-e-type=\"container\" data-settings=\"{&quot;background_background&quot;:&quot;classic&quot;}\">\n\t\t\t\t<\/div>\n\t\t<div class=\"elementor-element elementor-element-700a6a36 e-con-full e-flex e-con e-child\" data-id=\"700a6a36\" data-element_type=\"container\" data-e-type=\"container\">\n\t\t\t\t<div class=\"elementor-element elementor-element-4f8042f1 elementor-widget elementor-widget-heading\" data-id=\"4f8042f1\" data-element_type=\"widget\" data-e-type=\"widget\" data-widget_type=\"heading.default\">\n\t\t\t\t<div class=\"elementor-widget-container\">\n\t\t\t\t\t<p class=\"elementor-heading-title elementor-size-default\">Konferenzzentrum des Jahres 2019<\/p>\t\t\t\t<\/div>\n\t\t\t\t<\/div>\n\t\t\t\t<div class=\"elementor-element elementor-element-6a3c3945 elementor-widget elementor-widget-heading\" data-id=\"6a3c3945\" data-element_type=\"widget\" data-e-type=\"widget\" data-widget_type=\"heading.default\">\n\t\t\t\t<div class=\"elementor-widget-container\">\n\t\t\t\t\t<h2 class=\"elementor-heading-title elementor-size-default\">Gemeinsam werden wir besser.<\/h2>\t\t\t\t<\/div>\n\t\t\t\t<\/div>\n\t\t\t\t<div class=\"elementor-element elementor-element-54808936 elementor-widget elementor-widget-text-editor\" data-id=\"54808936\" data-element_type=\"widget\" data-e-type=\"widget\" data-widget_type=\"text-editor.default\">\n\t\t\t\t<div class=\"elementor-widget-container\">\n\t\t\t\t\t\t\t\t\t<p>\u201cSelbstverst\u00e4ndlich nutzen die einzelnen Konferenzorte die Auswertungen, um Priorit\u00e4ten zu setzen und festzulegen, was sie verbessern und ausbauen sollten. Auch wir nutzen sie, um unsere Bem\u00fchungen und unseren Service im Hinblick auf unsere Partner gezielter auszurichten und die Inhalte unserer kundenorientierten Veranstaltungen weiterzuentwickeln\u201d, sagt sie.<\/p><p>Danish Conference Centres ist weit mehr als ein Buchungsportal und Sparringspartner f\u00fcr vielbesch\u00e4ftigte Tagungsplaner. Der Verband veranstaltet zahlreiche Netzwerkveranstaltungen und andere Events, bei denen sich Konferenzzentren und ihre Kunden treffen, um Erfahrungen und Ideen auszutauschen.<\/p><p>\u201cWir pflegen einen sehr starken Zusammenhalt in unserem Partnernetzwerk. Obwohl unsere Partner nat\u00fcrlich um dieselben Kunden konkurrieren, entscheiden sie sich bewusst f\u00fcr die Zusammenarbeit, um sich gegenseitig zu verbessern. Als Katalysator dieser Kooperation kann Danske Konferencecentre f\u00fcr die einzelnen Veranstaltungsorte einen echten Unterschied machen, wovon letztendlich auch die G\u00e4ste profitieren\u201d, erkl\u00e4rt Marlene H. Sylvester-Hvid.<\/p><p>Mehr \u00fcber die einzelnen Nominierten erfahren Sie auf dkbs.dk. Die Preisverleihung findet am 24. April statt.<\/p>\t\t\t\t\t\t\t\t<\/div>\n\t\t\t\t<\/div>\n\t\t\t\t<\/div>\n\t\t\t\t<\/div>\n\t\t\t\t\t<\/div>\n\t\t\t\t<\/div>\n\t\t<div class=\"elementor-element elementor-element-24f7a20 e-flex e-con-boxed e-con e-parent\" data-id=\"24f7a20\" data-element_type=\"container\" data-e-type=\"container\">\n\t\t\t\t\t<div class=\"e-con-inner\">\n\t\t<div class=\"elementor-element elementor-element-c8ff55e e-con-full e-flex e-con e-child\" data-id=\"c8ff55e\" data-element_type=\"container\" data-e-type=\"container\" data-settings=\"{&quot;background_background&quot;:&quot;classic&quot;}\">\n\t\t<div class=\"elementor-element elementor-element-0df8b5c e-con-full e-flex e-con e-child\" data-id=\"0df8b5c\" data-element_type=\"container\" data-e-type=\"container\" data-settings=\"{&quot;background_background&quot;:&quot;classic&quot;}\">\n\t\t\t\t<\/div>\n\t\t<div class=\"elementor-element elementor-element-2d7ab7d e-con-full e-flex e-con e-child\" data-id=\"2d7ab7d\" data-element_type=\"container\" data-e-type=\"container\">\n\t\t\t\t<div class=\"elementor-element elementor-element-ec18139 elementor-widget elementor-widget-heading\" data-id=\"ec18139\" data-element_type=\"widget\" data-e-type=\"widget\" data-widget_type=\"heading.default\">\n\t\t\t\t<div class=\"elementor-widget-container\">\n\t\t\t\t\t<p class=\"elementor-heading-title elementor-size-default\">Konferenzzentrum des Jahres 2019<\/p>\t\t\t\t<\/div>\n\t\t\t\t<\/div>\n\t\t\t\t<div class=\"elementor-element elementor-element-b45e02e elementor-widget elementor-widget-heading\" data-id=\"b45e02e\" data-element_type=\"widget\" data-e-type=\"widget\" data-widget_type=\"heading.default\">\n\t\t\t\t<div class=\"elementor-widget-container\">\n\t\t\t\t\t<h2 class=\"elementor-heading-title elementor-size-default\">Kontakt<\/h2>\t\t\t\t<\/div>\n\t\t\t\t<\/div>\n\t\t\t\t<div class=\"elementor-element elementor-element-9400e59 elementor-widget elementor-widget-text-editor\" data-id=\"9400e59\" data-element_type=\"widget\" data-e-type=\"widget\" data-widget_type=\"text-editor.default\">\n\t\t\t\t<div class=\"elementor-widget-container\">\n\t\t\t\t\t\t\t\t\t<p>F\u00fcr weitere Informationen wenden Sie sich bitte an Marlene H. Sylvester-Hvid unter +45 26 77 18 32.<br \/>M\u00f6chten Sie mehr \u00fcber die Nominierung des Hotel Svendborg erfahren oder haben Sie eine pers\u00f6nliche Anmerkung?<\/p><p>Tom Pelle Jensen<br \/>Direktor<br \/>Telefon <a href=\"tel: +45 40 96 15 55\">+45 40 96 15 55<\/a><\/p>\t\t\t\t\t\t\t\t<\/div>\n\t\t\t\t<\/div>\n\t\t\t\t<div class=\"elementor-element elementor-element-4109c38 elementor-widget elementor-widget-heading\" data-id=\"4109c38\" data-element_type=\"widget\" data-e-type=\"widget\" data-widget_type=\"heading.default\">\n\t\t\t\t<div class=\"elementor-widget-container\">\n\t\t\t\t\t<h3 class=\"elementor-heading-title elementor-size-default\">Fakten \u00fcber d\u00e4nische Konferenzzentren\n<\/h3>\t\t\t\t<\/div>\n\t\t\t\t<\/div>\n\t\t\t\t<div class=\"elementor-element elementor-element-54840b6 elementor-widget elementor-widget-text-editor\" data-id=\"54840b6\" data-element_type=\"widget\" data-e-type=\"widget\" data-widget_type=\"text-editor.default\">\n\t\t\t\t<div class=\"elementor-widget-container\">\n\t\t\t\t\t\t\t\t\t<p>Danish Conference Centres wurde 1990 mit dem Hauptziel gegr\u00fcndet, den Kontakt zwischen Kunden, die Tagungen, Konferenzen und andere Gro\u00dfveranstaltungen abhalten m\u00f6chten, und einer Reihe sorgf\u00e4ltig ausgew\u00e4hlter Tagungs- und Konferenzorte in D\u00e4nemark zu erleichtern.<\/p><p>Kunden erhalten kostenlose, schnelle und unverbindliche Beratung und Planungsleistungen. Danish Conference Centres verf\u00fcgt \u00fcber mehr als 100 Partner im ganzen Land, und sowohl der Verband als auch die Anzahl der Partner wachsen rasant.<\/p>\t\t\t\t\t\t\t\t<\/div>\n\t\t\t\t<\/div>\n\t\t\t\t<div class=\"elementor-element elementor-element-e8a8433 elementor-mobile-align-justify elementor-widget elementor-widget-button\" data-id=\"e8a8433\" data-element_type=\"widget\" data-e-type=\"widget\" data-widget_type=\"button.default\">\n\t\t\t\t<div class=\"elementor-widget-container\">\n\t\t\t\t\t\t\t\t\t<div class=\"elementor-button-wrapper\">\n\t\t\t\t\t<a class=\"elementor-button elementor-button-link elementor-size-sm\" href=\"https:\/\/hotelsvendborg.dk\/de\/drucken\/\">\n\t\t\t\t\t\t<span class=\"elementor-button-content-wrapper\">\n\t\t\t\t\t\t\t\t\t<span class=\"elementor-button-text\">Alle Pressemitteilungen ansehen<\/span>\n\t\t\t\t\t<\/span>\n\t\t\t\t\t<\/a>\n\t\t\t\t<\/div>\n\t\t\t\t\t\t\t\t<\/div>\n\t\t\t\t<\/div>\n\t\t\t\t<\/div>\n\t\t\t\t<\/div>\n\t\t\t\t\t<\/div>\n\t\t\t\t<\/div>\n\t\t\t\t<\/div>","protected":false},"excerpt":{"rendered":"<p>Februar 2019 | Pressemeddelelse Nomineret til \u00e5rets konferencecenter 2019 \u00c5rets konferencecenter 2019 Ekstra h\u00e5rd kamp om prestigefyldt pris Der plejer at v\u00e6re fem nominerede til den eftertragtede titel som \u00c5rets Konferencecenter. Men i \u00e5r er der seks. Det er symptomatisk for en tid, hvor prisen er s\u00e6rdeles eftertragtet og kampen om kundernes gunst er intensiv. [&hellip;]<\/p>\n","protected":false},"author":2,"featured_media":0,"parent":0,"menu_order":0,"comment_status":"closed","ping_status":"closed","template":"","meta":{"_acf_changed":false,"footnotes":""},"class_list":["post-4813","page","type-page","status-publish","hentry"],"acf":[],"yoast_head":"<!-- This site is optimized with the Yoast SEO plugin v27.5 - https:\/\/yoast.com\/product\/yoast-seo-wordpress\/ -->\n<title>Nomineret til \u00e5rets konferencecenter 2019 - Hotel Svendborg<\/title>\n<meta name=\"robots\" content=\"index, follow, max-snippet:-1, max-image-preview:large, max-video-preview:-1\" \/>\n<link rel=\"canonical\" href=\"https:\/\/hotelsvendborg.dk\/de\/nominiert-fur-das-konferenzzentrum-des-jahres-2019\/\" \/>\n<meta property=\"og:locale\" content=\"de_DE\" \/>\n<meta property=\"og:type\" content=\"article\" \/>\n<meta property=\"og:title\" content=\"Nomineret til \u00e5rets konferencecenter 2019 - Hotel Svendborg\" \/>\n<meta property=\"og:description\" content=\"Februar 2019 | Pressemeddelelse Nomineret til \u00e5rets konferencecenter 2019 \u00c5rets konferencecenter 2019 Ekstra h\u00e5rd kamp om prestigefyldt pris Der plejer at v\u00e6re fem nominerede til den eftertragtede titel som \u00c5rets Konferencecenter. Men i \u00e5r er der seks. Det er symptomatisk for en tid, hvor prisen er s\u00e6rdeles eftertragtet og kampen om kundernes gunst er intensiv. [&hellip;]\" \/>\n<meta property=\"og:url\" content=\"https:\/\/hotelsvendborg.dk\/de\/nominiert-fur-das-konferenzzentrum-des-jahres-2019\/\" \/>\n<meta property=\"og:site_name\" content=\"Hotel Svendborg\" \/>\n<meta property=\"article:modified_time\" content=\"2025-10-31T07:52:46+00:00\" \/>\n<meta name=\"twitter:card\" content=\"summary_large_image\" \/>\n<meta name=\"twitter:label1\" content=\"Gesch\u00e4tzte Lesezeit\" \/>\n\t<meta name=\"twitter:data1\" content=\"3\u00a0Minuten\" \/>\n<!-- \/ Yoast SEO plugin. -->","yoast_head_json":{"title":"Nominiert f\u00fcr das Konferenzzentrum des Jahres 2019 \u2013 Hotel Svendborg","robots":{"index":"index","follow":"follow","max-snippet":"max-snippet:-1","max-image-preview":"max-image-preview:large","max-video-preview":"max-video-preview:-1"},"canonical":"https:\/\/hotelsvendborg.dk\/de\/nominiert-fur-das-konferenzzentrum-des-jahres-2019\/","og_locale":"de_DE","og_type":"article","og_title":"Nomineret til \u00e5rets konferencecenter 2019 - Hotel Svendborg","og_description":"Februar 2019 | Pressemeddelelse Nomineret til \u00e5rets konferencecenter 2019 \u00c5rets konferencecenter 2019 Ekstra h\u00e5rd kamp om prestigefyldt pris Der plejer at v\u00e6re fem nominerede til den eftertragtede titel som \u00c5rets Konferencecenter. Men i \u00e5r er der seks. Det er symptomatisk for en tid, hvor prisen er s\u00e6rdeles eftertragtet og kampen om kundernes gunst er intensiv. [&hellip;]","og_url":"https:\/\/hotelsvendborg.dk\/de\/nominiert-fur-das-konferenzzentrum-des-jahres-2019\/","og_site_name":"Hotel Svendborg","article_modified_time":"2025-10-31T07:52:46+00:00","twitter_card":"summary_large_image","twitter_misc":{"Gesch\u00e4tzte Lesezeit":"3\u00a0Minuten"},"schema":{"@context":"https:\/\/schema.org","@graph":[{"@type":"WebPage","@id":"https:\/\/hotelsvendborg.dk\/nomineret-til-aarets-konferencecenter-2019\/","url":"https:\/\/hotelsvendborg.dk\/nomineret-til-aarets-konferencecenter-2019\/","name":"Nominiert f\u00fcr das Konferenzzentrum des Jahres 2019 \u2013 Hotel Svendborg","isPartOf":{"@id":"https:\/\/hotelsvendborg.dk\/#website"},"datePublished":"2025-10-31T07:49:13+00:00","dateModified":"2025-10-31T07:52:46+00:00","breadcrumb":{"@id":"https:\/\/hotelsvendborg.dk\/nomineret-til-aarets-konferencecenter-2019\/#breadcrumb"},"inLanguage":"de","potentialAction":[{"@type":"ReadAction","target":["https:\/\/hotelsvendborg.dk\/nomineret-til-aarets-konferencecenter-2019\/"]}]},{"@type":"BreadcrumbList","@id":"https:\/\/hotelsvendborg.dk\/nomineret-til-aarets-konferencecenter-2019\/#breadcrumb","itemListElement":[{"@type":"ListItem","position":1,"name":"Home","item":"https:\/\/hotelsvendborg.dk\/"},{"@type":"ListItem","position":2,"name":"Nomineret til \u00e5rets konferencecenter 2019"}]},{"@type":"WebSite","@id":"https:\/\/hotelsvendborg.dk\/#website","url":"https:\/\/hotelsvendborg.dk\/","name":"Hotel Svendborg","description":"","publisher":{"@id":"https:\/\/hotelsvendborg.dk\/#organization"},"potentialAction":[{"@type":"SearchAction","target":{"@type":"EntryPoint","urlTemplate":"https:\/\/hotelsvendborg.dk\/?s={search_term_string}"},"query-input":{"@type":"PropertyValueSpecification","valueRequired":true,"valueName":"search_term_string"}}],"inLanguage":"de"},{"@type":"Organization","@id":"https:\/\/hotelsvendborg.dk\/#organization","name":"Hotel Svendborg","url":"https:\/\/hotelsvendborg.dk\/","logo":{"@type":"ImageObject","inLanguage":"de","@id":"https:\/\/hotelsvendborg.dk\/#\/schema\/logo\/image\/","url":"https:\/\/hotelsvendborg.dk\/wp-content\/uploads\/2024\/10\/hotel-svendborg.svg","contentUrl":"https:\/\/hotelsvendborg.dk\/wp-content\/uploads\/2024\/10\/hotel-svendborg.svg","width":257,"height":55,"caption":"Hotel Svendborg"},"image":{"@id":"https:\/\/hotelsvendborg.dk\/#\/schema\/logo\/image\/"}}]}},"_links":{"self":[{"href":"https:\/\/hotelsvendborg.dk\/de\/wp-json\/wp\/v2\/pages\/4813","targetHints":{"allow":["GET"]}}],"collection":[{"href":"https:\/\/hotelsvendborg.dk\/de\/wp-json\/wp\/v2\/pages"}],"about":[{"href":"https:\/\/hotelsvendborg.dk\/de\/wp-json\/wp\/v2\/types\/page"}],"author":[{"embeddable":true,"href":"https:\/\/hotelsvendborg.dk\/de\/wp-json\/wp\/v2\/users\/2"}],"replies":[{"embeddable":true,"href":"https:\/\/hotelsvendborg.dk\/de\/wp-json\/wp\/v2\/comments?post=4813"}],"version-history":[{"count":7,"href":"https:\/\/hotelsvendborg.dk\/de\/wp-json\/wp\/v2\/pages\/4813\/revisions"}],"predecessor-version":[{"id":4820,"href":"https:\/\/hotelsvendborg.dk\/de\/wp-json\/wp\/v2\/pages\/4813\/revisions\/4820"}],"wp:attachment":[{"href":"https:\/\/hotelsvendborg.dk\/de\/wp-json\/wp\/v2\/media?parent=4813"}],"curies":[{"name":"wp","href":"https:\/\/api.w.org\/{rel}","templated":true}]}}