{"id":4804,"date":"2025-10-31T08:33:44","date_gmt":"2025-10-31T07:33:44","guid":{"rendered":"https:\/\/hotelsvendborg.dk\/?page_id=4804"},"modified":"2025-10-31T08:43:44","modified_gmt":"2025-10-31T07:43:44","slug":"nominiert-fur-das-konferenzzentrum-des-jahres-2020","status":"publish","type":"page","link":"https:\/\/hotelsvendborg.dk\/de\/nomineret-til-aarets-konferencecenter-2020\/","title":{"rendered":"Nominiert f\u00fcr das Konferenzzentrum des Jahres 2020"},"content":{"rendered":"<div data-elementor-type=\"wp-page\" data-elementor-id=\"4804\" class=\"elementor elementor-4804\" data-elementor-post-type=\"page\">\n\t\t\t\t<div class=\"elementor-element elementor-element-0da4ad2 e-con-full e-flex e-con e-parent\" data-id=\"0da4ad2\" data-element_type=\"container\" data-e-type=\"container\" data-settings=\"{&quot;background_background&quot;:&quot;classic&quot;}\">\n\t\t\t\t<div class=\"elementor-element elementor-element-0fb5681 elementor-widget__width-initial elementor-widget elementor-widget-text-editor\" data-id=\"0fb5681\" data-element_type=\"widget\" data-e-type=\"widget\" data-widget_type=\"text-editor.default\">\n\t\t\t\t<div class=\"elementor-widget-container\">\n\t\t\t\t\t\t\t\t\tFebruar 2020 | Pressemitteilung\n\t\t\t\t\t\t\t\t<\/div>\n\t\t\t\t<\/div>\n\t\t\t\t<div class=\"elementor-element elementor-element-0c5e09a elementor-widget elementor-widget-heading\" data-id=\"0c5e09a\" data-element_type=\"widget\" data-e-type=\"widget\" data-widget_type=\"heading.default\">\n\t\t\t\t<div class=\"elementor-widget-container\">\n\t\t\t\t\t<h1 class=\"elementor-heading-title elementor-size-default\">Hotel Svendborg \u2013 nominiert f\u00fcr das Konferenzzentrum des Jahres 2020\n<\/h1>\t\t\t\t<\/div>\n\t\t\t\t<\/div>\n\t\t\t\t<\/div>\n\t\t<div class=\"elementor-element elementor-element-e486b51 e-flex e-con-boxed e-con e-parent\" data-id=\"e486b51\" data-element_type=\"container\" data-e-type=\"container\">\n\t\t\t\t\t<div class=\"e-con-inner\">\n\t\t<div class=\"elementor-element elementor-element-216c953 e-con-full e-flex e-con e-child\" data-id=\"216c953\" data-element_type=\"container\" data-e-type=\"container\" data-settings=\"{&quot;background_background&quot;:&quot;classic&quot;}\">\n\t\t<div class=\"elementor-element elementor-element-e22a584 e-con-full e-flex e-con e-child\" data-id=\"e22a584\" data-element_type=\"container\" data-e-type=\"container\" data-settings=\"{&quot;background_background&quot;:&quot;classic&quot;}\">\n\t\t\t\t<\/div>\n\t\t<div class=\"elementor-element elementor-element-6119b34 e-con-full e-flex e-con e-child\" data-id=\"6119b34\" data-element_type=\"container\" data-e-type=\"container\">\n\t\t\t\t<div class=\"elementor-element elementor-element-3ca93b7 elementor-widget elementor-widget-heading\" data-id=\"3ca93b7\" data-element_type=\"widget\" data-e-type=\"widget\" data-widget_type=\"heading.default\">\n\t\t\t\t<div class=\"elementor-widget-container\">\n\t\t\t\t\t<p class=\"elementor-heading-title elementor-size-default\">Konferenzzentrum des Jahres 2020<\/p>\t\t\t\t<\/div>\n\t\t\t\t<\/div>\n\t\t\t\t<div class=\"elementor-element elementor-element-2f54f4e elementor-widget elementor-widget-heading\" data-id=\"2f54f4e\" data-element_type=\"widget\" data-e-type=\"widget\" data-widget_type=\"heading.default\">\n\t\t\t\t<div class=\"elementor-widget-container\">\n\t\t\t\t\t<h2 class=\"elementor-heading-title elementor-size-default\">D\u00e4nemarks bestes Konferenzzentrum ist...\n<\/h2>\t\t\t\t<\/div>\n\t\t\t\t<\/div>\n\t\t\t\t<div class=\"elementor-element elementor-element-6d6440f elementor-widget elementor-widget-text-editor\" data-id=\"6d6440f\" data-element_type=\"widget\" data-e-type=\"widget\" data-widget_type=\"text-editor.default\">\n\t\t\t\t<div class=\"elementor-widget-container\">\n\t\t\t\t\t\t\t\t\t<p>Die Wahrscheinlichkeit, dass das Konferenzzentrum des Jahres 2020 auf F\u00fcnen liegt, betr\u00e4gt 50 Prozent. Drei der sechs Hotels, die von Tausenden von Konferenzteilnehmern im Rahmen ihrer Bewertungen f\u00fcr diese prestigetr\u00e4chtige Auszeichnung nominiert wurden, befinden sich auf D\u00e4nemarks zentraler Insel.<\/p><p>Sechs Konferenzzentren konkurrieren um den begehrten Titel \u201eKonferenzzentrum des Jahres 2020\u201c. Die Auszeichnung wird vom Verband D\u00e4nischer Konferenzzentren verliehen, einem Branchenverband f\u00fcr mehr als 100 der besten Tagungsorte D\u00e4nemarks, und basiert ausschlie\u00dflich auf den Bewertungen der einzelnen Konferenzzentren durch die G\u00e4ste.<\/p>\t\t\t\t\t\t\t\t<\/div>\n\t\t\t\t<\/div>\n\t\t\t\t<\/div>\n\t\t\t\t<\/div>\n\t\t\t\t\t<\/div>\n\t\t\t\t<\/div>\n\t\t<div class=\"elementor-element elementor-element-4dbf55ae e-flex e-con-boxed e-con e-parent\" data-id=\"4dbf55ae\" data-element_type=\"container\" data-e-type=\"container\">\n\t\t\t\t\t<div class=\"e-con-inner\">\n\t\t<div class=\"elementor-element elementor-element-334ac059 e-con-full e-flex e-con e-child\" data-id=\"334ac059\" data-element_type=\"container\" data-e-type=\"container\" data-settings=\"{&quot;background_background&quot;:&quot;classic&quot;}\">\n\t\t<div class=\"elementor-element elementor-element-49c51107 e-con-full e-flex e-con e-child\" data-id=\"49c51107\" data-element_type=\"container\" data-e-type=\"container\" data-settings=\"{&quot;background_background&quot;:&quot;classic&quot;}\">\n\t\t\t\t<\/div>\n\t\t<div class=\"elementor-element elementor-element-700a6a36 e-con-full e-flex e-con e-child\" data-id=\"700a6a36\" data-element_type=\"container\" data-e-type=\"container\">\n\t\t\t\t<div class=\"elementor-element elementor-element-4f8042f1 elementor-widget elementor-widget-heading\" data-id=\"4f8042f1\" data-element_type=\"widget\" data-e-type=\"widget\" data-widget_type=\"heading.default\">\n\t\t\t\t<div class=\"elementor-widget-container\">\n\t\t\t\t\t<p class=\"elementor-heading-title elementor-size-default\">Konferenzzentrum des Jahres 2020<\/p>\t\t\t\t<\/div>\n\t\t\t\t<\/div>\n\t\t\t\t<div class=\"elementor-element elementor-element-6a3c3945 elementor-widget elementor-widget-heading\" data-id=\"6a3c3945\" data-element_type=\"widget\" data-e-type=\"widget\" data-widget_type=\"heading.default\">\n\t\t\t\t<div class=\"elementor-widget-container\">\n\t\t\t\t\t<h2 class=\"elementor-heading-title elementor-size-default\">Bewertungen erm\u00f6glichen bessere Angebote und einen besseren Service.\n<\/h2>\t\t\t\t<\/div>\n\t\t\t\t<\/div>\n\t\t\t\t<div class=\"elementor-element elementor-element-54808936 elementor-widget elementor-widget-text-editor\" data-id=\"54808936\" data-element_type=\"widget\" data-e-type=\"widget\" data-widget_type=\"text-editor.default\">\n\t\t\t\t<div class=\"elementor-widget-container\">\n\t\t\t\t\t\t\t\t\t<p>J\u00e4hrlich werden Tausende von Bewertungen durchgef\u00fchrt, die nicht nur die Grundlage f\u00fcr die Auszeichnung \u201eKonferenzzentrum des Jahres\u201c bilden. Sowohl d\u00e4nische Konferenzzentren als auch die einzelnen Hotels, Konferenzzentren und anderen Veranstaltungsorte der Partnergruppe nutzen die Bewertungen, um Verbesserungen zu planen und umzusetzen sowie ihr Angebot und ihren Service f\u00fcr G\u00e4ste zu optimieren.<\/p><p>\u201dInnerhalb weniger Jahre haben wir ein breites und starkes Partnernetzwerk aufgebaut, dessen Mitglieder den Wert der Zusammenarbeit mit uns \u2013 und untereinander \u2013 erkennen, um Tagungen und Konferenzen noch besser zu gestalten. Obwohl sie auch Wettbewerber sind, entscheiden sie sich f\u00fcr eine enge Kooperation, um noch bessere Erlebnisse und einen h\u00f6heren Mehrwert f\u00fcr die Kunden zu schaffen. Die Auswertungen helfen uns, unsere Anstrengungen sowohl an den einzelnen Konferenzorten als auch als Verband bei der Planung von Kursen, Netzwerkveranstaltungen und anderen Initiativen f\u00fcr unsere Partner zu fokussieren\u201d, so Marlene H. Sylvester-Hvid, Direktorin der Danish Conference Centres.<\/p>\t\t\t\t\t\t\t\t<\/div>\n\t\t\t\t<\/div>\n\t\t\t\t<\/div>\n\t\t\t\t<\/div>\n\t\t\t\t\t<\/div>\n\t\t\t\t<\/div>\n\t\t<div class=\"elementor-element elementor-element-24f7a20 e-flex e-con-boxed e-con e-parent\" data-id=\"24f7a20\" data-element_type=\"container\" data-e-type=\"container\">\n\t\t\t\t\t<div class=\"e-con-inner\">\n\t\t<div class=\"elementor-element elementor-element-c8ff55e e-con-full e-flex e-con e-child\" data-id=\"c8ff55e\" data-element_type=\"container\" data-e-type=\"container\" data-settings=\"{&quot;background_background&quot;:&quot;classic&quot;}\">\n\t\t<div class=\"elementor-element elementor-element-0df8b5c e-con-full e-flex e-con e-child\" data-id=\"0df8b5c\" data-element_type=\"container\" data-e-type=\"container\" data-settings=\"{&quot;background_background&quot;:&quot;classic&quot;}\">\n\t\t\t\t<\/div>\n\t\t<div class=\"elementor-element elementor-element-2d7ab7d e-con-full e-flex e-con e-child\" data-id=\"2d7ab7d\" data-element_type=\"container\" data-e-type=\"container\">\n\t\t\t\t<div class=\"elementor-element elementor-element-ec18139 elementor-widget elementor-widget-heading\" data-id=\"ec18139\" data-element_type=\"widget\" data-e-type=\"widget\" data-widget_type=\"heading.default\">\n\t\t\t\t<div class=\"elementor-widget-container\">\n\t\t\t\t\t<p class=\"elementor-heading-title elementor-size-default\">Konferenzzentrum des Jahres 2020<\/p>\t\t\t\t<\/div>\n\t\t\t\t<\/div>\n\t\t\t\t<div class=\"elementor-element elementor-element-b45e02e elementor-widget elementor-widget-heading\" data-id=\"b45e02e\" data-element_type=\"widget\" data-e-type=\"widget\" data-widget_type=\"heading.default\">\n\t\t\t\t<div class=\"elementor-widget-container\">\n\t\t\t\t\t<h2 class=\"elementor-heading-title elementor-size-default\">Und die Nominierten sind\u2026\n<\/h2>\t\t\t\t<\/div>\n\t\t\t\t<\/div>\n\t\t\t\t<div class=\"elementor-element elementor-element-9400e59 elementor-widget elementor-widget-text-editor\" data-id=\"9400e59\" data-element_type=\"widget\" data-e-type=\"widget\" data-widget_type=\"text-editor.default\">\n\t\t\t\t<div class=\"elementor-widget-container\">\n\t\t\t\t\t\t\t\t\t<p>Danish Conference Centres ist ein Buchungsportal und Sparringspartner f\u00fcr Tagungsplaner in Unternehmen. Gleichzeitig arbeitet der Verband mit Partnern in den Bereichen Aus- und Weiterbildung von Mitarbeitern zusammen und vernetzt Konferenzzentren und Kunden, um gegenseitigen Austausch und Inspiration zu erm\u00f6glichen.<\/p><p>Neben der engen Zusammenarbeit zwischen Konferenzzentren in ganz D\u00e4nemark ist die Mehrheit der Partner des Danske Konferencecentre Mitglied der IACC (The International Association of Conference Centres), einer weltweiten Organisation von Tagungs- und Konferenzzentren.<\/p><p>Der Gewinner der Auszeichnung \u201eKonferenzzentrum des Jahres 2020\u201c wird unter diesen Nominierten ermittelt:<\/p><ul><li>Hotel Svendborg<\/li><li>Schloss Hindsgavl in der N\u00e4he von Middelfart<\/li><li>Hotel Koldingfjord<\/li><li>Pharmakon-Konferenzzentrum in Hiller\u00f8d<\/li><li>Rungstedgaard<\/li><li>Severin in Middelfart<\/li><\/ul><p>\u00a0<\/p><p>Der Gewinner wird am 17. April auf der Generalversammlung der D\u00e4nischen Konferenzzentren auf Schloss Hindsgavl bekanntgegeben.<\/p><p>Mehr \u00fcber die Nominierten und \u00fcber d\u00e4nische Konferenzzentren erfahren Sie unter dkbs.dk.<br \/>F\u00fcr weitere Informationen wenden Sie sich bitte an Marlene H. Sylvester-Hvid unter <a href=\"tel:+45 26 77 18 32.\">+45 26 77 18 32.<\/a><\/p>\t\t\t\t\t\t\t\t<\/div>\n\t\t\t\t<\/div>\n\t\t\t\t<\/div>\n\t\t\t\t<\/div>\n\t\t\t\t\t<\/div>\n\t\t\t\t<\/div>\n\t\t<div class=\"elementor-element elementor-element-f99c2e2 e-flex e-con-boxed e-con e-parent\" data-id=\"f99c2e2\" data-element_type=\"container\" data-e-type=\"container\">\n\t\t\t\t\t<div class=\"e-con-inner\">\n\t\t<div class=\"elementor-element elementor-element-dc73a2d e-con-full e-flex e-con e-child\" data-id=\"dc73a2d\" data-element_type=\"container\" data-e-type=\"container\" data-settings=\"{&quot;background_background&quot;:&quot;classic&quot;}\">\n\t\t<div class=\"elementor-element elementor-element-8ae66f5 e-con-full e-flex e-con e-child\" data-id=\"8ae66f5\" data-element_type=\"container\" data-e-type=\"container\" data-settings=\"{&quot;background_background&quot;:&quot;classic&quot;}\">\n\t\t\t\t<\/div>\n\t\t<div class=\"elementor-element elementor-element-8872d5b e-con-full e-flex e-con e-child\" data-id=\"8872d5b\" data-element_type=\"container\" data-e-type=\"container\">\n\t\t\t\t<div class=\"elementor-element elementor-element-f69fc1e elementor-widget elementor-widget-heading\" data-id=\"f69fc1e\" data-element_type=\"widget\" data-e-type=\"widget\" data-widget_type=\"heading.default\">\n\t\t\t\t<div class=\"elementor-widget-container\">\n\t\t\t\t\t<p class=\"elementor-heading-title elementor-size-default\">Konferenzzentrum des Jahres 2020<\/p>\t\t\t\t<\/div>\n\t\t\t\t<\/div>\n\t\t\t\t<div class=\"elementor-element elementor-element-a9211da elementor-widget elementor-widget-heading\" data-id=\"a9211da\" data-element_type=\"widget\" data-e-type=\"widget\" data-widget_type=\"heading.default\">\n\t\t\t\t<div class=\"elementor-widget-container\">\n\t\t\t\t\t<h2 class=\"elementor-heading-title elementor-size-default\">\u00dcber d\u00e4nische Konferenzzentren\n<\/h2>\t\t\t\t<\/div>\n\t\t\t\t<\/div>\n\t\t\t\t<div class=\"elementor-element elementor-element-6284707 elementor-widget elementor-widget-text-editor\" data-id=\"6284707\" data-element_type=\"widget\" data-e-type=\"widget\" data-widget_type=\"text-editor.default\">\n\t\t\t\t<div class=\"elementor-widget-container\">\n\t\t\t\t\t\t\t\t\t<p>Danish Conference Centres (DKBS) wurde 1990 mit dem Ziel gegr\u00fcndet, den Kontakt zwischen Kunden, die Tagungen, Konferenzen und andere Gro\u00dfveranstaltungen ausrichten m\u00f6chten, und sorgf\u00e4ltig ausgew\u00e4hlten Partnern zu f\u00f6rdern. DKBS.dk bietet kostenlose, schnelle und unverbindliche Beratung und Planungsleistungen. Dar\u00fcber hinaus organisiert DKBS Kurse, Messen, Tagungen und weitere Veranstaltungen, die den Wissensaustausch und die Vernetzung zwischen Partnern und deren Kunden st\u00e4rken. Der Verband z\u00e4hlt aktuell 100 Partner unter den besten unabh\u00e4ngigen Tagungs- und Konferenzzentren D\u00e4nemarks.<\/p>\t\t\t\t\t\t\t\t<\/div>\n\t\t\t\t<\/div>\n\t\t\t\t<div class=\"elementor-element elementor-element-e8a8433 elementor-mobile-align-justify elementor-widget elementor-widget-button\" data-id=\"e8a8433\" data-element_type=\"widget\" data-e-type=\"widget\" data-widget_type=\"button.default\">\n\t\t\t\t<div class=\"elementor-widget-container\">\n\t\t\t\t\t\t\t\t\t<div class=\"elementor-button-wrapper\">\n\t\t\t\t\t<a class=\"elementor-button elementor-button-link elementor-size-sm\" href=\"https:\/\/hotelsvendborg.dk\/de\/drucken\/\">\n\t\t\t\t\t\t<span class=\"elementor-button-content-wrapper\">\n\t\t\t\t\t\t\t\t\t<span class=\"elementor-button-text\">Alle Pressemitteilungen ansehen<\/span>\n\t\t\t\t\t<\/span>\n\t\t\t\t\t<\/a>\n\t\t\t\t<\/div>\n\t\t\t\t\t\t\t\t<\/div>\n\t\t\t\t<\/div>\n\t\t\t\t<\/div>\n\t\t\t\t<\/div>\n\t\t\t\t\t<\/div>\n\t\t\t\t<\/div>\n\t\t\t\t<\/div>","protected":false},"excerpt":{"rendered":"<p>Februar 2020 | Pressemeddelelse Hotel Svendborg \u2013 nomineret til \u00e5rets konferencecenter 2020 \u00c5rets konferencecenter 2020 Danmarks bedste konferencecenter er&#8230; Der er 50 procent chance for, at \u00c5rets Konferencecenter 2020 ligger p\u00e5 Fyn. Tre af de seks hoteller, som tusindvis af konferenceg\u00e6ster via deres evalueringer har nomineret til den prestigefyldte titel, ligger nemlig p\u00e5 Danmarks centrale [&hellip;]<\/p>\n","protected":false},"author":2,"featured_media":0,"parent":0,"menu_order":0,"comment_status":"closed","ping_status":"closed","template":"","meta":{"_acf_changed":false,"footnotes":""},"class_list":["post-4804","page","type-page","status-publish","hentry"],"acf":[],"yoast_head":"<!-- This site is optimized with the Yoast SEO plugin v27.5 - https:\/\/yoast.com\/product\/yoast-seo-wordpress\/ -->\n<title>Nomineret til \u00e5rets konferencecenter 2020 - Hotel Svendborg<\/title>\n<meta name=\"robots\" content=\"index, follow, max-snippet:-1, max-image-preview:large, max-video-preview:-1\" \/>\n<link rel=\"canonical\" href=\"https:\/\/hotelsvendborg.dk\/de\/nominiert-fur-das-konferenzzentrum-des-jahres-2020\/\" \/>\n<meta property=\"og:locale\" content=\"de_DE\" \/>\n<meta property=\"og:type\" content=\"article\" \/>\n<meta property=\"og:title\" content=\"Nomineret til \u00e5rets konferencecenter 2020 - Hotel Svendborg\" \/>\n<meta property=\"og:description\" content=\"Februar 2020 | Pressemeddelelse Hotel Svendborg \u2013 nomineret til \u00e5rets konferencecenter 2020 \u00c5rets konferencecenter 2020 Danmarks bedste konferencecenter er&#8230; Der er 50 procent chance for, at \u00c5rets Konferencecenter 2020 ligger p\u00e5 Fyn. Tre af de seks hoteller, som tusindvis af konferenceg\u00e6ster via deres evalueringer har nomineret til den prestigefyldte titel, ligger nemlig p\u00e5 Danmarks centrale [&hellip;]\" \/>\n<meta property=\"og:url\" content=\"https:\/\/hotelsvendborg.dk\/de\/nominiert-fur-das-konferenzzentrum-des-jahres-2020\/\" \/>\n<meta property=\"og:site_name\" content=\"Hotel Svendborg\" \/>\n<meta property=\"article:modified_time\" content=\"2025-10-31T07:43:44+00:00\" \/>\n<meta name=\"twitter:card\" content=\"summary_large_image\" \/>\n<meta name=\"twitter:label1\" content=\"Gesch\u00e4tzte Lesezeit\" \/>\n\t<meta name=\"twitter:data1\" content=\"3\u00a0Minuten\" \/>\n<!-- \/ Yoast SEO plugin. -->","yoast_head_json":{"title":"Nominiert f\u00fcr das Konferenzzentrum des Jahres 2020 \u2013 Hotel Svendborg","robots":{"index":"index","follow":"follow","max-snippet":"max-snippet:-1","max-image-preview":"max-image-preview:large","max-video-preview":"max-video-preview:-1"},"canonical":"https:\/\/hotelsvendborg.dk\/de\/nominiert-fur-das-konferenzzentrum-des-jahres-2020\/","og_locale":"de_DE","og_type":"article","og_title":"Nomineret til \u00e5rets konferencecenter 2020 - Hotel Svendborg","og_description":"Februar 2020 | Pressemeddelelse Hotel Svendborg \u2013 nomineret til \u00e5rets konferencecenter 2020 \u00c5rets konferencecenter 2020 Danmarks bedste konferencecenter er&#8230; Der er 50 procent chance for, at \u00c5rets Konferencecenter 2020 ligger p\u00e5 Fyn. Tre af de seks hoteller, som tusindvis af konferenceg\u00e6ster via deres evalueringer har nomineret til den prestigefyldte titel, ligger nemlig p\u00e5 Danmarks centrale [&hellip;]","og_url":"https:\/\/hotelsvendborg.dk\/de\/nominiert-fur-das-konferenzzentrum-des-jahres-2020\/","og_site_name":"Hotel Svendborg","article_modified_time":"2025-10-31T07:43:44+00:00","twitter_card":"summary_large_image","twitter_misc":{"Gesch\u00e4tzte Lesezeit":"3\u00a0Minuten"},"schema":{"@context":"https:\/\/schema.org","@graph":[{"@type":"WebPage","@id":"https:\/\/hotelsvendborg.dk\/nomineret-til-aarets-konferencecenter-2020\/","url":"https:\/\/hotelsvendborg.dk\/nomineret-til-aarets-konferencecenter-2020\/","name":"Nominiert f\u00fcr das Konferenzzentrum des Jahres 2020 \u2013 Hotel Svendborg","isPartOf":{"@id":"https:\/\/hotelsvendborg.dk\/#website"},"datePublished":"2025-10-31T07:33:44+00:00","dateModified":"2025-10-31T07:43:44+00:00","breadcrumb":{"@id":"https:\/\/hotelsvendborg.dk\/nomineret-til-aarets-konferencecenter-2020\/#breadcrumb"},"inLanguage":"de","potentialAction":[{"@type":"ReadAction","target":["https:\/\/hotelsvendborg.dk\/nomineret-til-aarets-konferencecenter-2020\/"]}]},{"@type":"BreadcrumbList","@id":"https:\/\/hotelsvendborg.dk\/nomineret-til-aarets-konferencecenter-2020\/#breadcrumb","itemListElement":[{"@type":"ListItem","position":1,"name":"Home","item":"https:\/\/hotelsvendborg.dk\/"},{"@type":"ListItem","position":2,"name":"Nomineret til \u00e5rets konferencecenter 2020"}]},{"@type":"WebSite","@id":"https:\/\/hotelsvendborg.dk\/#website","url":"https:\/\/hotelsvendborg.dk\/","name":"Hotel Svendborg","description":"","publisher":{"@id":"https:\/\/hotelsvendborg.dk\/#organization"},"potentialAction":[{"@type":"SearchAction","target":{"@type":"EntryPoint","urlTemplate":"https:\/\/hotelsvendborg.dk\/?s={search_term_string}"},"query-input":{"@type":"PropertyValueSpecification","valueRequired":true,"valueName":"search_term_string"}}],"inLanguage":"de"},{"@type":"Organization","@id":"https:\/\/hotelsvendborg.dk\/#organization","name":"Hotel Svendborg","url":"https:\/\/hotelsvendborg.dk\/","logo":{"@type":"ImageObject","inLanguage":"de","@id":"https:\/\/hotelsvendborg.dk\/#\/schema\/logo\/image\/","url":"https:\/\/hotelsvendborg.dk\/wp-content\/uploads\/2024\/10\/hotel-svendborg.svg","contentUrl":"https:\/\/hotelsvendborg.dk\/wp-content\/uploads\/2024\/10\/hotel-svendborg.svg","width":257,"height":55,"caption":"Hotel Svendborg"},"image":{"@id":"https:\/\/hotelsvendborg.dk\/#\/schema\/logo\/image\/"}}]}},"_links":{"self":[{"href":"https:\/\/hotelsvendborg.dk\/de\/wp-json\/wp\/v2\/pages\/4804","targetHints":{"allow":["GET"]}}],"collection":[{"href":"https:\/\/hotelsvendborg.dk\/de\/wp-json\/wp\/v2\/pages"}],"about":[{"href":"https:\/\/hotelsvendborg.dk\/de\/wp-json\/wp\/v2\/types\/page"}],"author":[{"embeddable":true,"href":"https:\/\/hotelsvendborg.dk\/de\/wp-json\/wp\/v2\/users\/2"}],"replies":[{"embeddable":true,"href":"https:\/\/hotelsvendborg.dk\/de\/wp-json\/wp\/v2\/comments?post=4804"}],"version-history":[{"count":7,"href":"https:\/\/hotelsvendborg.dk\/de\/wp-json\/wp\/v2\/pages\/4804\/revisions"}],"predecessor-version":[{"id":4812,"href":"https:\/\/hotelsvendborg.dk\/de\/wp-json\/wp\/v2\/pages\/4804\/revisions\/4812"}],"wp:attachment":[{"href":"https:\/\/hotelsvendborg.dk\/de\/wp-json\/wp\/v2\/media?parent=4804"}],"curies":[{"name":"wp","href":"https:\/\/api.w.org\/{rel}","templated":true}]}}